{"version":"1.0","provider_name":"Consolata Am\u00e9rica","provider_url":"https:\/\/consolataamerica.org\/pt","author_name":"conteudo","author_url":"https:\/\/consolataamerica.org\/pt\/author\/conteudo\/","title":"S\u00e3o Jos\u00e9 Allamano. A canoniza\u00e7\u00e3o 2 - Consolata Am\u00e9rica","type":"rich","width":600,"height":338,"html":"<blockquote class=\"wp-embedded-content\" data-secret=\"NC3ttmQZlw\"><a href=\"https:\/\/consolataamerica.org\/pt\/sao-jose-allamano-a-canonizacao-2\/\">S\u00e3o Jos\u00e9 Allamano. A canoniza\u00e7\u00e3o 2<\/a><\/blockquote><iframe sandbox=\"allow-scripts\" security=\"restricted\" src=\"https:\/\/consolataamerica.org\/pt\/sao-jose-allamano-a-canonizacao-2\/embed\/#?secret=NC3ttmQZlw\" width=\"600\" height=\"338\" title=\"&#8220;S\u00e3o Jos\u00e9 Allamano. A canoniza\u00e7\u00e3o 2&#8221; &#8212; Consolata Am\u00e9rica\" data-secret=\"NC3ttmQZlw\" frameborder=\"0\" marginwidth=\"0\" marginheight=\"0\" scrolling=\"no\" class=\"wp-embedded-content\"><\/iframe><script type=\"text\/javascript\">\n\/* <![CDATA[ *\/\n\/*! This file is auto-generated *\/\n!function(d,l){\"use strict\";l.querySelector&&d.addEventListener&&\"undefined\"!=typeof URL&&(d.wp=d.wp||{},d.wp.receiveEmbedMessage||(d.wp.receiveEmbedMessage=function(e){var t=e.data;if((t||t.secret||t.message||t.value)&&!\/[^a-zA-Z0-9]\/.test(t.secret)){for(var s,r,n,a=l.querySelectorAll('iframe[data-secret=\"'+t.secret+'\"]'),o=l.querySelectorAll('blockquote[data-secret=\"'+t.secret+'\"]'),c=new RegExp(\"^https?:$\",\"i\"),i=0;i<o.length;i++)o[i].style.display=\"none\";for(i=0;i<a.length;i++)s=a[i],e.source===s.contentWindow&&(s.removeAttribute(\"style\"),\"height\"===t.message?(1e3<(r=parseInt(t.value,10))?r=1e3:~~r<200&&(r=200),s.height=r):\"link\"===t.message&&(r=new URL(s.getAttribute(\"src\")),n=new URL(t.value),c.test(n.protocol))&&n.host===r.host&&l.activeElement===s&&(d.top.location.href=t.value))}},d.addEventListener(\"message\",d.wp.receiveEmbedMessage,!1),l.addEventListener(\"DOMContentLoaded\",function(){for(var e,t,s=l.querySelectorAll(\"iframe.wp-embedded-content\"),r=0;r<s.length;r++)(t=(e=s[r]).getAttribute(\"data-secret\"))||(t=Math.random().toString(36).substring(2,12),e.src+=\"#?secret=\"+t,e.setAttribute(\"data-secret\",t)),e.contentWindow.postMessage({message:\"ready\",secret:t},\"*\")},!1)))}(window,document);\n\/* ]]> *\/\n<\/script>\n","thumbnail_url":"https:\/\/consolataamerica.org\/pt\/wp-content\/uploads\/2025\/07\/20250716Allamano.jpg","thumbnail_width":1272,"thumbnail_height":716,"description":"Depois do v\u00eddeo sobre a canoniza\u00e7\u00e3o publicado por ocasi\u00e3o da Festa da Consolata (20 de junho), publicamos no nosso canal Youtube consolatavideos, um segundo clip da s\u00e9rie que nos acompanhar\u00e1 todos os meses no caminho de prepara\u00e7\u00e3o para a celebra\u00e7\u00e3o do Centen\u00e1rio da morte de S\u00e3o Jos\u00e9 Allamano (16 de fevereiro de 2026)."}