{"version":"1.0","provider_name":"Consolata Am\u00e9rica","provider_url":"https:\/\/consolataamerica.org\/pt","author_name":"adm@consam","author_url":"https:\/\/consolataamerica.org\/pt\/author\/admconsam\/","title":"Par\u00f3quia Santa Luzia celebra 67 anos - Consolata Am\u00e9rica","type":"rich","width":600,"height":338,"html":"<blockquote class=\"wp-embedded-content\" data-secret=\"0rL2NRT2b9\"><a href=\"https:\/\/consolataamerica.org\/pt\/paroquia-santa-luzia-celebra-67-anos\/\">Par\u00f3quia Santa Luzia celebra 67 anos<\/a><\/blockquote><iframe sandbox=\"allow-scripts\" security=\"restricted\" src=\"https:\/\/consolataamerica.org\/pt\/paroquia-santa-luzia-celebra-67-anos\/embed\/#?secret=0rL2NRT2b9\" width=\"600\" height=\"338\" title=\"&#8220;Par\u00f3quia Santa Luzia celebra 67 anos&#8221; &#8212; Consolata Am\u00e9rica\" data-secret=\"0rL2NRT2b9\" frameborder=\"0\" marginwidth=\"0\" marginheight=\"0\" scrolling=\"no\" class=\"wp-embedded-content\"><\/iframe><script type=\"text\/javascript\">\n\/* <![CDATA[ *\/\n\/*! This file is auto-generated *\/\n!function(d,l){\"use strict\";l.querySelector&&d.addEventListener&&\"undefined\"!=typeof URL&&(d.wp=d.wp||{},d.wp.receiveEmbedMessage||(d.wp.receiveEmbedMessage=function(e){var t=e.data;if((t||t.secret||t.message||t.value)&&!\/[^a-zA-Z0-9]\/.test(t.secret)){for(var s,r,n,a=l.querySelectorAll('iframe[data-secret=\"'+t.secret+'\"]'),o=l.querySelectorAll('blockquote[data-secret=\"'+t.secret+'\"]'),c=new RegExp(\"^https?:$\",\"i\"),i=0;i<o.length;i++)o[i].style.display=\"none\";for(i=0;i<a.length;i++)s=a[i],e.source===s.contentWindow&&(s.removeAttribute(\"style\"),\"height\"===t.message?(1e3<(r=parseInt(t.value,10))?r=1e3:~~r<200&&(r=200),s.height=r):\"link\"===t.message&&(r=new URL(s.getAttribute(\"src\")),n=new URL(t.value),c.test(n.protocol))&&n.host===r.host&&l.activeElement===s&&(d.top.location.href=t.value))}},d.addEventListener(\"message\",d.wp.receiveEmbedMessage,!1),l.addEventListener(\"DOMContentLoaded\",function(){for(var e,t,s=l.querySelectorAll(\"iframe.wp-embedded-content\"),r=0;r<s.length;r++)(t=(e=s[r]).getAttribute(\"data-secret\"))||(t=Math.random().toString(36).substring(2,12),e.src+=\"#?secret=\"+t,e.setAttribute(\"data-secret\",t)),e.contentWindow.postMessage({message:\"ready\",secret:t},\"*\")},!1)))}(window,document);\n\/* ]]> *\/\n<\/script>\n","thumbnail_url":"https:\/\/consolataamerica.org\/pt\/wp-content\/uploads\/2020\/12\/61880026_1332952596858917_7180688777742909440_o.jpg","thumbnail_width":1317,"thumbnail_height":641,"description":"A Par\u00f3quia Santa Luzia celebra este ano o seu 67\u00ba anivers\u00e1rio. Consta nos anais da hist\u00f3ria que a Par\u00f3quia Santa Luzia, da arquidiocese de Manaus, \u00e9 de 1953. O padre Manuel Aparecido Monteiro (conhecido como Pe. N\u00e9o) \u00e9 p\u00e1roco desde setembro de 2019. Ele est\u00e1 dando continuidade ao trabalho come\u00e7ado por uma extensa lista de mission\u00e1rios da Consolata que tamb\u00e9m deram um pouco de si naquela par\u00f3quia."}