{"version":"1.0","provider_name":"Consolata Am\u00e9rica","provider_url":"https:\/\/consolataamerica.org\/pt","author_name":"adm@consam","author_url":"https:\/\/consolataamerica.org\/pt\/author\/admconsam\/","title":"5 de setembro: Dia da Amaz\u00f4nia - Consolata Am\u00e9rica","type":"rich","width":600,"height":338,"html":"<blockquote class=\"wp-embedded-content\" data-secret=\"oFYwWe976H\"><a href=\"https:\/\/consolataamerica.org\/pt\/dia-da-amazonia\/\">5 de setembro: Dia da Amaz\u00f4nia<\/a><\/blockquote><iframe sandbox=\"allow-scripts\" security=\"restricted\" src=\"https:\/\/consolataamerica.org\/pt\/dia-da-amazonia\/embed\/#?secret=oFYwWe976H\" width=\"600\" height=\"338\" title=\"&#8220;5 de setembro: Dia da Amaz\u00f4nia&#8221; &#8212; Consolata Am\u00e9rica\" data-secret=\"oFYwWe976H\" frameborder=\"0\" marginwidth=\"0\" marginheight=\"0\" scrolling=\"no\" class=\"wp-embedded-content\"><\/iframe><script type=\"text\/javascript\">\n\/* <![CDATA[ *\/\n\/*! This file is auto-generated *\/\n!function(d,l){\"use strict\";l.querySelector&&d.addEventListener&&\"undefined\"!=typeof URL&&(d.wp=d.wp||{},d.wp.receiveEmbedMessage||(d.wp.receiveEmbedMessage=function(e){var t=e.data;if((t||t.secret||t.message||t.value)&&!\/[^a-zA-Z0-9]\/.test(t.secret)){for(var s,r,n,a=l.querySelectorAll('iframe[data-secret=\"'+t.secret+'\"]'),o=l.querySelectorAll('blockquote[data-secret=\"'+t.secret+'\"]'),c=new RegExp(\"^https?:$\",\"i\"),i=0;i<o.length;i++)o[i].style.display=\"none\";for(i=0;i<a.length;i++)s=a[i],e.source===s.contentWindow&&(s.removeAttribute(\"style\"),\"height\"===t.message?(1e3<(r=parseInt(t.value,10))?r=1e3:~~r<200&&(r=200),s.height=r):\"link\"===t.message&&(r=new URL(s.getAttribute(\"src\")),n=new URL(t.value),c.test(n.protocol))&&n.host===r.host&&l.activeElement===s&&(d.top.location.href=t.value))}},d.addEventListener(\"message\",d.wp.receiveEmbedMessage,!1),l.addEventListener(\"DOMContentLoaded\",function(){for(var e,t,s=l.querySelectorAll(\"iframe.wp-embedded-content\"),r=0;r<s.length;r++)(t=(e=s[r]).getAttribute(\"data-secret\"))||(t=Math.random().toString(36).substring(2,12),e.src+=\"#?secret=\"+t,e.setAttribute(\"data-secret\",t)),e.contentWindow.postMessage({message:\"ready\",secret:t},\"*\")},!1)))}(window,document);\n\/* ]]> *\/\n<\/script>\n","thumbnail_url":"https:\/\/consolataamerica.org\/pt\/wp-content\/uploads\/2020\/09\/amazonia-1.jpeg","thumbnail_width":1024,"thumbnail_height":683,"description":"O Dia da Amaz\u00f4nia celebrado em 5 de setembro foi institu\u00eddo por D. Pedro II em 1850, por ocasi\u00e3o da cria\u00e7\u00e3o da Prov\u00edncia do Amazonas. Desde ent\u00e3o, a data vem ganhando novos significados e atualmente \u00e9 celebrada em muitos lugares do mundo como uma forma de defender a Amaz\u00f4nia e seus povos que nunca estiveram t\u00e3o amea\u00e7ados como na atualidade."}