{"version":"1.0","provider_name":"Consolata Am\u00e9rica","provider_url":"https:\/\/consolataamerica.org\/pt","author_name":"conteudo","author_url":"https:\/\/consolataamerica.org\/pt\/author\/conteudo\/","title":"Deslocados internos em Mo\u00e7ambique - Consolata Am\u00e9rica","type":"rich","width":600,"height":338,"html":"<blockquote class=\"wp-embedded-content\" data-secret=\"osm0xxFW5t\"><a href=\"https:\/\/consolataamerica.org\/pt\/deslocados-internos-em-mocambique\/\">Deslocados internos em Mo\u00e7ambique<\/a><\/blockquote><iframe sandbox=\"allow-scripts\" security=\"restricted\" src=\"https:\/\/consolataamerica.org\/pt\/deslocados-internos-em-mocambique\/embed\/#?secret=osm0xxFW5t\" width=\"600\" height=\"338\" title=\"&#8220;Deslocados internos em Mo\u00e7ambique&#8221; &#8212; Consolata Am\u00e9rica\" data-secret=\"osm0xxFW5t\" frameborder=\"0\" marginwidth=\"0\" marginheight=\"0\" scrolling=\"no\" class=\"wp-embedded-content\"><\/iframe><script type=\"text\/javascript\">\n\/* <![CDATA[ *\/\n\/*! This file is auto-generated *\/\n!function(d,l){\"use strict\";l.querySelector&&d.addEventListener&&\"undefined\"!=typeof URL&&(d.wp=d.wp||{},d.wp.receiveEmbedMessage||(d.wp.receiveEmbedMessage=function(e){var t=e.data;if((t||t.secret||t.message||t.value)&&!\/[^a-zA-Z0-9]\/.test(t.secret)){for(var s,r,n,a=l.querySelectorAll('iframe[data-secret=\"'+t.secret+'\"]'),o=l.querySelectorAll('blockquote[data-secret=\"'+t.secret+'\"]'),c=new RegExp(\"^https?:$\",\"i\"),i=0;i<o.length;i++)o[i].style.display=\"none\";for(i=0;i<a.length;i++)s=a[i],e.source===s.contentWindow&&(s.removeAttribute(\"style\"),\"height\"===t.message?(1e3<(r=parseInt(t.value,10))?r=1e3:~~r<200&&(r=200),s.height=r):\"link\"===t.message&&(r=new URL(s.getAttribute(\"src\")),n=new URL(t.value),c.test(n.protocol))&&n.host===r.host&&l.activeElement===s&&(d.top.location.href=t.value))}},d.addEventListener(\"message\",d.wp.receiveEmbedMessage,!1),l.addEventListener(\"DOMContentLoaded\",function(){for(var e,t,s=l.querySelectorAll(\"iframe.wp-embedded-content\"),r=0;r<s.length;r++)(t=(e=s[r]).getAttribute(\"data-secret\"))||(t=Math.random().toString(36).substring(2,12),e.src+=\"#?secret=\"+t,e.setAttribute(\"data-secret\",t)),e.contentWindow.postMessage({message:\"ready\",secret:t},\"*\")},!1)))}(window,document);\n\/* ]]> *\/\n<\/script>\n","thumbnail_url":"https:\/\/consolataamerica.org\/pt\/wp-content\/uploads\/2020\/09\/Foto-Portal-Migrantes-e-Refugiados-do-Vaticano.jpg","thumbnail_width":842,"thumbnail_height":600,"description":"O padre brasileiro, Edegard J\u00fanior Silva, mission\u00e1rio saletino, trabalha na Diocese de Pemba em Cabo Delgado, fala sobre a situa\u00e7\u00e3o de conflito na regi\u00e3o que provoca \u201cfuga\u201d da popula\u00e7\u00e3o em busca de sobreviv\u00eancia."}