{"version":"1.0","provider_name":"Consolata Am\u00e9rica","provider_url":"https:\/\/consolataamerica.org\/pt","author_name":"adm@consam","author_url":"https:\/\/consolataamerica.org\/pt\/author\/admconsam\/","title":"Cardeal Steiner Beatifica a menina Benigna - Consolata Am\u00e9rica","type":"rich","width":600,"height":338,"html":"<blockquote class=\"wp-embedded-content\" data-secret=\"ygtSpo0Qa5\"><a href=\"https:\/\/consolataamerica.org\/pt\/cardeal-steiner-beatifica-a-menina-benigna\/\">Cardeal Steiner Beatifica a menina Benigna<\/a><\/blockquote><iframe sandbox=\"allow-scripts\" security=\"restricted\" src=\"https:\/\/consolataamerica.org\/pt\/cardeal-steiner-beatifica-a-menina-benigna\/embed\/#?secret=ygtSpo0Qa5\" width=\"600\" height=\"338\" title=\"&#8220;Cardeal Steiner Beatifica a menina Benigna&#8221; &#8212; Consolata Am\u00e9rica\" data-secret=\"ygtSpo0Qa5\" frameborder=\"0\" marginwidth=\"0\" marginheight=\"0\" scrolling=\"no\" class=\"wp-embedded-content\"><\/iframe><script type=\"text\/javascript\">\n\/* <![CDATA[ *\/\n\/*! This file is auto-generated *\/\n!function(d,l){\"use strict\";l.querySelector&&d.addEventListener&&\"undefined\"!=typeof URL&&(d.wp=d.wp||{},d.wp.receiveEmbedMessage||(d.wp.receiveEmbedMessage=function(e){var t=e.data;if((t||t.secret||t.message||t.value)&&!\/[^a-zA-Z0-9]\/.test(t.secret)){for(var s,r,n,a=l.querySelectorAll('iframe[data-secret=\"'+t.secret+'\"]'),o=l.querySelectorAll('blockquote[data-secret=\"'+t.secret+'\"]'),c=new RegExp(\"^https?:$\",\"i\"),i=0;i<o.length;i++)o[i].style.display=\"none\";for(i=0;i<a.length;i++)s=a[i],e.source===s.contentWindow&&(s.removeAttribute(\"style\"),\"height\"===t.message?(1e3<(r=parseInt(t.value,10))?r=1e3:~~r<200&&(r=200),s.height=r):\"link\"===t.message&&(r=new URL(s.getAttribute(\"src\")),n=new URL(t.value),c.test(n.protocol))&&n.host===r.host&&l.activeElement===s&&(d.top.location.href=t.value))}},d.addEventListener(\"message\",d.wp.receiveEmbedMessage,!1),l.addEventListener(\"DOMContentLoaded\",function(){for(var e,t,s=l.querySelectorAll(\"iframe.wp-embedded-content\"),r=0;r<s.length;r++)(t=(e=s[r]).getAttribute(\"data-secret\"))||(t=Math.random().toString(36).substring(2,12),e.src+=\"#?secret=\"+t,e.setAttribute(\"data-secret\",t)),e.contentWindow.postMessage({message:\"ready\",secret:t},\"*\")},!1)))}(window,document);\n\/* ]]> *\/\n<\/script>\n","thumbnail_url":"https:\/\/consolataamerica.org\/pt\/wp-content\/uploads\/2022\/10\/Menina-Benigna-Foto-Diocese-de-Crato-1024x768.png","thumbnail_width":1024,"thumbnail_height":768,"description":"No dia em que completou 81 anos de seu mart\u00edrio, a cidade do Crato (CE) acolheu a cerim\u00f4nia de beatifica\u00e7\u00e3o de Benigna Cardoso da Silva, a menina de 13 anos assassinada a facadas ao defender-se do ass\u00e9dio sexual de um jovem, algo que j\u00e1 tinha acontecido repetidas vezes, enquanto ia buscar \u00e1gua numa cacimba pr\u00f3xima do lugar onde morava. Uma adolescente que \u00e9 considerada um s\u00edmbolo da luta contra o feminic\u00eddio e o abuso sexual de crian\u00e7as e adolescentes."}