{"version":"1.0","provider_name":"Consolata Am\u00e9rica","provider_url":"https:\/\/consolataamerica.org\/pt","author_name":"conteudo","author_url":"https:\/\/consolataamerica.org\/pt\/author\/conteudo\/","title":"A pequena comunidade cat\u00f3lica no Afeganist\u00e3o - Consolata Am\u00e9rica","type":"rich","width":600,"height":338,"html":"<blockquote class=\"wp-embedded-content\" data-secret=\"rb8rnFbJVc\"><a href=\"https:\/\/consolataamerica.org\/pt\/a-pequena-comunidade-catolica-no-afeganistao\/\">A pequena comunidade cat\u00f3lica no Afeganist\u00e3o<\/a><\/blockquote><iframe sandbox=\"allow-scripts\" security=\"restricted\" src=\"https:\/\/consolataamerica.org\/pt\/a-pequena-comunidade-catolica-no-afeganistao\/embed\/#?secret=rb8rnFbJVc\" width=\"600\" height=\"338\" title=\"&#8220;A pequena comunidade cat\u00f3lica no Afeganist\u00e3o&#8221; &#8212; Consolata Am\u00e9rica\" data-secret=\"rb8rnFbJVc\" frameborder=\"0\" marginwidth=\"0\" marginheight=\"0\" scrolling=\"no\" class=\"wp-embedded-content\"><\/iframe><script type=\"text\/javascript\">\n\/* <![CDATA[ *\/\n\/*! This file is auto-generated *\/\n!function(d,l){\"use strict\";l.querySelector&&d.addEventListener&&\"undefined\"!=typeof URL&&(d.wp=d.wp||{},d.wp.receiveEmbedMessage||(d.wp.receiveEmbedMessage=function(e){var t=e.data;if((t||t.secret||t.message||t.value)&&!\/[^a-zA-Z0-9]\/.test(t.secret)){for(var s,r,n,a=l.querySelectorAll('iframe[data-secret=\"'+t.secret+'\"]'),o=l.querySelectorAll('blockquote[data-secret=\"'+t.secret+'\"]'),c=new RegExp(\"^https?:$\",\"i\"),i=0;i<o.length;i++)o[i].style.display=\"none\";for(i=0;i<a.length;i++)s=a[i],e.source===s.contentWindow&&(s.removeAttribute(\"style\"),\"height\"===t.message?(1e3<(r=parseInt(t.value,10))?r=1e3:~~r<200&&(r=200),s.height=r):\"link\"===t.message&&(r=new URL(s.getAttribute(\"src\")),n=new URL(t.value),c.test(n.protocol))&&n.host===r.host&&l.activeElement===s&&(d.top.location.href=t.value))}},d.addEventListener(\"message\",d.wp.receiveEmbedMessage,!1),l.addEventListener(\"DOMContentLoaded\",function(){for(var e,t,s=l.querySelectorAll(\"iframe.wp-embedded-content\"),r=0;r<s.length;r++)(t=(e=s[r]).getAttribute(\"data-secret\"))||(t=Math.random().toString(36).substring(2,12),e.src+=\"#?secret=\"+t,e.setAttribute(\"data-secret\",t)),e.contentWindow.postMessage({message:\"ready\",secret:t},\"*\")},!1)))}(window,document);\n\/* ]]> *\/\n<\/script>\n","thumbnail_url":"https:\/\/consolataamerica.org\/pt\/wp-content\/uploads\/2022\/04\/Bandeira-Afeganist\u00e3o.jpg","thumbnail_width":943,"thumbnail_height":625,"description":"A Rep\u00fablica Isl\u00e2mica do Afeganist\u00e3o possui um dos regimes mais extremistas do mundo. Neste momento, n\u00e3o h\u00e1 dados precisos da presen\u00e7a cat\u00f3lica, que antes do atual governo Talib\u00e3, era de uns 200 membros."}